{"id":9,"date":"2026-05-08T20:39:30","date_gmt":"2026-05-08T20:39:30","guid":{"rendered":"https:\/\/cardiosante.jeanbourquin.info\/?page_id=9"},"modified":"2026-09-03T15:34:29","modified_gmt":"2026-09-03T15:34:29","slug":"comite","status":"publish","type":"page","link":"https:\/\/cardiosante.jeanbourquin.info\/?page_id=9","title":{"rendered":"02_ Comit\u00e9"},"content":{"rendered":"\n<h4 class=\"wp-block-heading\"><strong>Composition<\/strong><\/h4>\n\n\n\n<p class=\"wp-block-paragraph\">Le comit\u00e9 est compos\u00e9 d&rsquo;au moins 5 membres, actuellement il en compte 7.<\/p>\n\n\n\n<p class=\"wp-block-paragraph\">Pr\u00e9sident&nbsp;&nbsp;&nbsp;&nbsp;&nbsp;&nbsp;&nbsp;&nbsp;&nbsp;&nbsp;&nbsp;&nbsp;&nbsp;&nbsp;&nbsp;&nbsp;&nbsp;&nbsp;&nbsp;&nbsp;&nbsp;&nbsp;&nbsp;&nbsp;&nbsp;&nbsp;&nbsp;&nbsp;&nbsp;&nbsp;&nbsp;&nbsp;&nbsp; <strong>Pagnussat <\/strong>Vittorio<\/p>\n\n\n\n<p class=\"wp-block-paragraph\">Vice-pr\u00e9sidente&nbsp;&nbsp;&nbsp;&nbsp;&nbsp;&nbsp;&nbsp;&nbsp;&nbsp;&nbsp;&nbsp;&nbsp;&nbsp;&nbsp;&nbsp;&nbsp;&nbsp;&nbsp;&nbsp;&nbsp;&nbsp;&nbsp;&nbsp; <strong>Dubois <\/strong>Marianne<\/p>\n\n\n\n<p class=\"wp-block-paragraph\">Secr\u00e9taire correspondance&nbsp;&nbsp;&nbsp;&nbsp; <strong>Kobel <\/strong>Annelise<\/p>\n\n\n\n<p class=\"wp-block-paragraph\">Secr\u00e9taire verbaux&nbsp;&nbsp;&nbsp;&nbsp;&nbsp;&nbsp;&nbsp;&nbsp;&nbsp;&nbsp;&nbsp;&nbsp;&nbsp;&nbsp;&nbsp;&nbsp;&nbsp;&nbsp; <strong>Pauli <\/strong>Anne-Marie<\/p>\n\n\n\n<p class=\"wp-block-paragraph\">Tr\u00e9sorier&nbsp;&nbsp;&nbsp;&nbsp;&nbsp;&nbsp;&nbsp;&nbsp;&nbsp;&nbsp;&nbsp;&nbsp;&nbsp;&nbsp;&nbsp;&nbsp;&nbsp;&nbsp;&nbsp;&nbsp;&nbsp;&nbsp;&nbsp;&nbsp;&nbsp;&nbsp;&nbsp;&nbsp;&nbsp;&nbsp;&nbsp;&nbsp;&nbsp;&nbsp; <strong>Moser<\/strong> Urs<\/p>\n\n\n\n<p class=\"wp-block-paragraph\">Responsable marches&nbsp;&nbsp;&nbsp;&nbsp;&nbsp;&nbsp;&nbsp;&nbsp;&nbsp;&nbsp;&nbsp;&nbsp; <strong>vacant<\/strong><\/p>\n\n\n\n<p class=\"wp-block-paragraph\">Responsable Amis du c\u0153ur&nbsp;&nbsp;&nbsp;&nbsp; <strong>Hitz <\/strong>Kathy<\/p>\n\n\n\n<p class=\"wp-block-paragraph\">Le pr\u00e9sident est nomm\u00e9 par l\u2019Assembl\u00e9e g\u00e9n\u00e9ral, pour les autres fonctions le comit\u00e9 se constitue lui-m\u00eame.<\/p>\n\n\n\n<h4 class=\"wp-block-heading\"><strong>Mission du comit\u00e9<\/strong><\/h4>\n\n\n\n<p class=\"wp-block-paragraph\">Il assure la bonne marche de l\u2019association par:<\/p>\n\n\n\n<ul class=\"wp-block-list\">\n<li>La mise en \u0153uvre des d\u00e9cisions de l\u2019Assembl\u00e9e g\u00e9n\u00e9rale.<\/li>\n\n\n\n<li>L\u2019organisation et la supervision des activit\u00e9s approuv\u00e9es par l\u2019Assembl\u00e9e.<\/li>\n\n\n\n<li>La gestion des ressources humaines (monitrices et moniteurs) n\u00e9cessaires pour atteindre les objectifs de l\u2019Association.<\/li>\n\n\n\n<li>La tenue des comptes de l\u2019Association.<\/li>\n\n\n\n<li>Des d\u00e9cisions relatifs \u00e0 l\u2019admission et la d\u00e9mission de membres.<\/li>\n\n\n\n<li>L\u2019organisation des assembl\u00e9es g\u00e9n\u00e9rales ordinaires et extraordinaires<\/li>\n\n\n\n<li>L\u2019application des statuts.<\/li>\n<\/ul>\n","protected":false},"excerpt":{"rendered":"<p>Composition Le comit\u00e9 est compos\u00e9 d&rsquo;au moins 5 membres, actuellement il en compte 7. Pr\u00e9sident&nbsp;&nbsp;&nbsp;&nbsp;&nbsp;&nbsp;&nbsp;&nbsp;&nbsp;&nbsp;&nbsp;&nbsp;&nbsp;&nbsp;&nbsp;&nbsp;&nbsp;&nbsp;&nbsp;&nbsp;&nbsp;&nbsp;&nbsp;&nbsp;&nbsp;&nbsp;&nbsp;&nbsp;&nbsp;&nbsp;&nbsp;&nbsp;&nbsp; Pagnussat Vittorio Vice-pr\u00e9sidente&nbsp;&nbsp;&nbsp;&nbsp;&nbsp;&nbsp;&nbsp;&nbsp;&nbsp;&nbsp;&nbsp;&nbsp;&nbsp;&nbsp;&nbsp;&nbsp;&nbsp;&nbsp;&nbsp;&nbsp;&nbsp;&nbsp;&nbsp; Dubois Marianne Secr\u00e9taire correspondance&nbsp;&nbsp;&nbsp;&nbsp; Kobel Annelise Secr\u00e9taire verbaux&nbsp;&nbsp;&nbsp;&nbsp;&nbsp;&nbsp;&nbsp;&nbsp;&nbsp;&nbsp;&nbsp;&nbsp;&nbsp;&nbsp;&nbsp;&nbsp;&nbsp;&nbsp; Pauli Anne-Marie Tr\u00e9sorier&nbsp;&nbsp;&nbsp;&nbsp;&nbsp;&nbsp;&nbsp;&nbsp;&nbsp;&nbsp;&nbsp;&nbsp;&nbsp;&nbsp;&nbsp;&nbsp;&nbsp;&nbsp;&nbsp;&nbsp;&nbsp;&nbsp;&nbsp;&nbsp;&nbsp;&nbsp;&nbsp;&nbsp;&nbsp;&nbsp;&nbsp;&nbsp;&nbsp;&nbsp; Moser Urs Responsable marches&nbsp;&nbsp;&nbsp;&nbsp;&nbsp;&nbsp;&nbsp;&nbsp;&nbsp;&nbsp;&nbsp;&nbsp; vacant Responsable Amis du c\u0153ur&nbsp;&nbsp;&nbsp;&nbsp; Hitz Kathy Le pr\u00e9sident est nomm\u00e9 par l\u2019Assembl\u00e9e g\u00e9n\u00e9ral, pour les autres fonctions le comit\u00e9 se constitue [&hellip;]<\/p>\n","protected":false},"author":1,"featured_media":0,"parent":0,"menu_order":0,"comment_status":"closed","ping_status":"closed","template":"","meta":{"footnotes":""},"class_list":["post-9","page","type-page","status-publish","hentry"],"_links":{"self":[{"href":"https:\/\/cardiosante.jeanbourquin.info\/index.php?rest_route=\/wp\/v2\/pages\/9","targetHints":{"allow":["GET"]}}],"collection":[{"href":"https:\/\/cardiosante.jeanbourquin.info\/index.php?rest_route=\/wp\/v2\/pages"}],"about":[{"href":"https:\/\/cardiosante.jeanbourquin.info\/index.php?rest_route=\/wp\/v2\/types\/page"}],"author":[{"embeddable":true,"href":"https:\/\/cardiosante.jeanbourquin.info\/index.php?rest_route=\/wp\/v2\/users\/1"}],"replies":[{"embeddable":true,"href":"https:\/\/cardiosante.jeanbourquin.info\/index.php?rest_route=%2Fwp%2Fv2%2Fcomments&post=9"}],"version-history":[{"count":5,"href":"https:\/\/cardiosante.jeanbourquin.info\/index.php?rest_route=\/wp\/v2\/pages\/9\/revisions"}],"predecessor-version":[{"id":226,"href":"https:\/\/cardiosante.jeanbourquin.info\/index.php?rest_route=\/wp\/v2\/pages\/9\/revisions\/226"}],"wp:attachment":[{"href":"https:\/\/cardiosante.jeanbourquin.info\/index.php?rest_route=%2Fwp%2Fv2%2Fmedia&parent=9"}],"curies":[{"name":"wp","href":"https:\/\/api.w.org\/{rel}","templated":true}]}}